{"id":2,"date":"2017-06-29T21:37:10","date_gmt":"2017-06-29T21:37:10","guid":{"rendered":"http:\/\/www.balefolcloricodabahia.com.br\/site\/?page_id=2"},"modified":"2025-11-02T12:24:20","modified_gmt":"2025-11-02T15:24:20","slug":"historia-pt-br","status":"publish","type":"page","link":"https:\/\/balefolcloricodabahia.com.br\/site\/pt\/historia-pt-br\/","title":{"rendered":"Hist\u00f3ria"},"content":{"rendered":"<p>&nbsp;<\/p>\n<p>O <strong>Bal\u00e9 Folcl\u00f3rico da Bahia<\/strong> (BFB) foi criado em 1988 por Walson (Vav\u00e1) Botelho e Ninho Reis e apresenta, desde ent\u00e3o, um significativo curr\u00edculo de atividades, especialmente os pr\u00eamios e turn\u00eas nacionais e internacionais, al\u00e9m de um consider\u00e1vel prest\u00edgio refletido na resposta do p\u00fablico e da cr\u00edtica especializada.<\/p>\n<p>O natural aprimoramento t\u00e9cnico-interpretativo de seus integrantes, deve-se ao fato de a Bahia ser a regi\u00e3o do Brasil onde podemos encontrar as manifesta\u00e7\u00f5es populares no dia a dia do seu povo e \u00e9 por esta raz\u00e3o que o Bal\u00e9 Folcl\u00f3rico da Bahia escolheu tais manifesta\u00e7\u00f5es como t\u00f3pico de suas pesquisas, demonstrando-as atrav\u00e9s da dan\u00e7a, m\u00fasica e outros aspectos que comp\u00f5em o espet\u00e1culo, tornando-se, assim, a fonte asseguradora da autenticidade das coreografias apresentadas.<\/p>\n<p><iframe loading=\"lazy\" src=\"https:\/\/www.youtube.com\/embed\/U_vmdnEOcbg\" width=\"560\" height=\"315\" frameborder=\"0\" allowfullscreen=\"allowfullscreen\"><\/iframe><\/p>\n<p>O Bal\u00e9 Folcl\u00f3rico da Bahia em 2003 passou a integrar os projetos sociais da Funda\u00e7\u00e3o Bal\u00e9 Folcl\u00f3rico da Bahia, institui\u00e7\u00e3o privada sem fins lucrativos, criada naquele ano com o prop\u00f3sito maior de oferecer e manter uma escola de dan\u00e7a folcl\u00f3rica para estudantes e professores de dan\u00e7a, que recebem as mais variadas orienta\u00e7\u00f5es em t\u00e9cnica de dan\u00e7a afro-brasileira, ballet cl\u00e1ssico, dan\u00e7a moderna, capoeira, m\u00fasica e teatro. Sob a dire\u00e7\u00e3o art\u00edstica de Jos\u00e9 Carlos Santos (Zebrinha) desde 1993, o trabalho realizado pela Funda\u00e7\u00e3o BFB elevou e aprimorou o n\u00edvel t\u00e9cnico de seus participantes, resultando no reconhecimento e elogio por parte dos mais exigentes profissionais e cr\u00edticos da \u00e1rea de dan\u00e7a do mundo, o que lhe valeu uma condecora\u00e7\u00e3o por este desempenho durante o ano de 1996 &#8211; o \u201cPr\u00eamio Mambemb\u00e3o\u201d &#8211; oferecido pelo Minist\u00e9rio da Cultura, para a melhor prepara\u00e7\u00e3o t\u00e9cnica de dan\u00e7a no pa\u00eds, naquele ano.<\/p>\n<p>Com o objetivo de preservar e divulgar, no mais puro estado, as principais manifesta\u00e7\u00f5es folcl\u00f3ricas da Bahia, o Bal\u00e9 Folcl\u00f3rico da Bahia desenvolveu uma linguagem c\u00eanica que parte basicamente dos aspectos populares da cultura baiana atingindo a contemporaneidade do mundo atual, sem, contudo, perder suas ra\u00edzes, n\u00e3o se distanciando, assim, da realidade nacional.<\/p>\n<p>Baseado em Salvador, o BFB fez sua estreia durante o Festival de Dan\u00e7a de Joinville, mesmo antes do seu lan\u00e7amento oficial, quando mais de 20.000 pessoas aplaudiram o espet\u00e1culo \u201cBahia de Todas as Cores\u201d. O sucesso imediato propagou-se e trouxe convites para apresenta\u00e7\u00f5es em outros festivais por todo o pa\u00eds.<\/p>\n<p>Em 1992 fez sua estreia internacional no renomado Festival da Alexander Platz, em Berlim, para um p\u00fablico de mais de 50.000 pessoas, sendo ovacionado no final do espet\u00e1culo por quase 15 minutos. Seguiu ent\u00e3o, a partir da\u00ed, realizando pequenas outras turn\u00eas no Brasil e ao exterior, at\u00e9 que em 1994 foi convidado para participar da Bienal de Dan\u00e7a de Lyon, na Fran\u00e7a, considerado o mais importante evento do g\u00eanero no mundo, cujo tema naquela edi\u00e7\u00e3o era MAMA \u00c1FRICA, reunindo, naquele ano, as mais importantes companhias de dan\u00e7a do mundo que trabalhavam com a tem\u00e1tica da cultura negra e sua di\u00e1spora. O imenso sucesso obtido com as apresenta\u00e7\u00f5es no Audit\u00f3rio Maurice Ravel, em Lyon, foi motivo para a primeira cr\u00edtica de p\u00e1gina inteira no jornal \u201cThe New York Times\u201d, escrita por Anna Kisselgoff, que considerou o BFB, entre as diversas companhias dos quatro continentes presentes no festival, como a que melhor incorporava a tem\u00e1tica do evento, e afirmou que o BFB deveria, absolutamente, ser visto no mundo inteiro.<\/p>\n<p>A Bienal de Dan\u00e7a de Lyon em 1994 abriu caminho para as constantes turn\u00eas internacionais da companhia, que retornou \u00e0 Bienal em 1996 e consagrou-se, definitivamente, como uma das mais importantes e atuantes companhias de dan\u00e7a do mundo. A partir daquele ano realizou in\u00fameras turn\u00eas \u00e0s Am\u00e9ricas do Norte, do Sul e Central, Europa, al\u00e9m da Oceania e \u00c1frica, onde se apresentou nos mais prestigiados palcos dos Estados Unidos, Fran\u00e7a, Canad\u00e1, Su\u00ed\u00e7a, Alemanha, Portugal, Finl\u00e2ndia, Su\u00e9cia, Dinamarca, Austr\u00e1lia, Nova Zel\u00e2ndia, entre v\u00e1rios outros.<\/p>\n<p>Com uma agenda de atividades programada sempre com muita anteced\u00eancia, o BFB tamb\u00e9m se apresenta no Teatro Miguel Santana, sede da Funda\u00e7\u00e3o BFB no Pelourinho, Centro Hist\u00f3rico de Salvador, atendendo, principalmente, a demanda de um p\u00fablico que visita a cidade do Salvador com o desejo de conhecer mais a fundo a cultura popular baiana, apresentada de forma digna e aut\u00eantica.<\/p>\n<p>Saiba mais:<\/p>\n<div class=\"subnav\"><a href=\"http:\/\/www.balefolcloricodabahia.com.br\/site\/pt\/acervo-digital\/\">Acervo Digital<\/a><a href=\"http:\/\/www.balefolcloricodabahia.com.br\/site\/pt\/vakinha-2020\/\">Presta\u00e7\u00e3o de Contas 2020<\/a><br \/>\n<a href=\"http:\/\/www.balefolcloricodabahia.com.br\/site\/pt\/turnes\/\">Turn\u00eas<\/a><a href=\"http:\/\/www.balefolcloricodabahia.com.br\/site\/pt\/a-dimensao-social-da-arte\/\">A Dimens\u00e3o Social da Arte<\/a><\/div>\n","protected":false},"excerpt":{"rendered":"<p>&nbsp; O Bal\u00e9 Folcl\u00f3rico da Bahia (BFB) foi criado em 1988 por Walson (Vav\u00e1) Botelho e Ninho Reis e apresenta, desde ent\u00e3o, um significativo curr\u00edculo de atividades, especialmente os pr\u00eamios e turn\u00eas nacionais e internacionais, al\u00e9m de um consider\u00e1vel prest\u00edgio refletido na resposta do p\u00fablico e da cr\u00edtica especializada. O natural aprimoramento t\u00e9cnico-interpretativo de seus [&hellip;]<\/p>\n","protected":false},"author":1,"featured_media":352,"parent":0,"menu_order":0,"comment_status":"closed","ping_status":"closed","template":"","meta":{"footnotes":""},"class_list":["post-2","page","type-page","status-publish","has-post-thumbnail","hentry"],"_links":{"self":[{"href":"https:\/\/balefolcloricodabahia.com.br\/site\/wp-json\/wp\/v2\/pages\/2","targetHints":{"allow":["GET"]}}],"collection":[{"href":"https:\/\/balefolcloricodabahia.com.br\/site\/wp-json\/wp\/v2\/pages"}],"about":[{"href":"https:\/\/balefolcloricodabahia.com.br\/site\/wp-json\/wp\/v2\/types\/page"}],"author":[{"embeddable":true,"href":"https:\/\/balefolcloricodabahia.com.br\/site\/wp-json\/wp\/v2\/users\/1"}],"replies":[{"embeddable":true,"href":"https:\/\/balefolcloricodabahia.com.br\/site\/wp-json\/wp\/v2\/comments?post=2"}],"version-history":[{"count":25,"href":"https:\/\/balefolcloricodabahia.com.br\/site\/wp-json\/wp\/v2\/pages\/2\/revisions"}],"predecessor-version":[{"id":1230,"href":"https:\/\/balefolcloricodabahia.com.br\/site\/wp-json\/wp\/v2\/pages\/2\/revisions\/1230"}],"wp:featuredmedia":[{"embeddable":true,"href":"https:\/\/balefolcloricodabahia.com.br\/site\/wp-json\/wp\/v2\/media\/352"}],"wp:attachment":[{"href":"https:\/\/balefolcloricodabahia.com.br\/site\/wp-json\/wp\/v2\/media?parent=2"}],"curies":[{"name":"wp","href":"https:\/\/api.w.org\/{rel}","templated":true}]}}