{"id":500,"date":"2018-01-21T23:54:11","date_gmt":"2018-01-21T23:54:11","guid":{"rendered":"http:\/\/www.balefolcloricodabahia.com.br\/site\/?page_id=500"},"modified":"2018-04-13T18:23:35","modified_gmt":"2018-04-13T21:23:35","slug":"a-dimensao-social-da-arte","status":"publish","type":"page","link":"https:\/\/balefolcloricodabahia.com.br\/site\/pt\/a-dimensao-social-da-arte\/","title":{"rendered":"A Dimens\u00e3o Social da Arte"},"content":{"rendered":"<p style=\"text-align: right;\"><strong>Por Ernesto Falc\u00f3n<\/strong><\/p>\n<p>&nbsp;<\/p>\n<p>O sucesso que levou a Associa\u00e7\u00e3o Mundial de Cr\u00edticos a reconhecer o Bal\u00e9 Folcl\u00f3rico da Bahia como a melhor companhia do planeta \u00e9 resultado de muita dedica\u00e7\u00e3o, disciplina, perseveran\u00e7a e determina\u00e7\u00e3o. Muito suor e exerc\u00edcio di\u00e1rio ao longo de duas d\u00e9cadas e meia de trabalho. Al\u00e9m de muito talento, \u00e9 claro.<\/p>\n<p>&nbsp;<\/p>\n<p>Diferentemente de outras companhias de dan\u00e7a, o BFB j\u00e1 nasceu focado na ideia da profissionaliza\u00e7\u00e3o, como meio de sobreviv\u00eancia atrav\u00e9s da arte. O que a princ\u00edpio poderia ser apenas uma companhia voltada para o trabalho art\u00edstico e cultural logo evoluiu para um projeto que tivesse tamb\u00e9m o seu lado social.<\/p>\n<p>&nbsp;<\/p>\n<p>Isso porque, desde o in\u00edcio a forma\u00e7\u00e3o do corpo de bailarinos contava com a presen\u00e7a de pedreiros, mec\u00e2nicos, pintores, trabalhadores que de dia pegavam no pesado e pela noite transformavam-se em estrelas. N\u00e3o era tarefa simples sustentar um bal\u00e9 com cerca de 60 pessoas, entre m\u00fasicos, bailarinos, figurinistas e equipe t\u00e9cnica.<\/p>\n<p>&nbsp;<\/p>\n<p>Pessoas que associavam o trabalho art\u00edstico com a necessidade de sobreviv\u00eancia material. O desafio impunha uma profissionaliza\u00e7\u00e3o imediata. Talvez esse tenha sido o diferencial e a motiva\u00e7\u00e3o para o grande salto do BFB. A compreens\u00e3o de que vencer era absolutamente indispens\u00e1vel. E n\u00e3o era uma coisa f\u00e1cil. Mas veio o salto, trazido pela compet\u00eancia e profissionalismo do grupo. As conquistas foram se sucedendo, passo a passo, espet\u00e1culo a espet\u00e1culo.<\/p>\n<p>&nbsp;<\/p>\n<p>Vieram os primeiros pr\u00eamios. O BFB se firmou em meio a um contexto que exigia excel\u00eancia. Se promovendo e promovendo seu elenco ampliou sua presen\u00e7a em c\u00edrculos conc\u00eantricos. Se projetando por onde se exibia, sempre surpreendendo, chamando a aten\u00e7\u00e3o da imprensa e da cr\u00edtica especializada.<\/p>\n<p>&nbsp;<\/p>\n<p>Um fato, talvez, explique essa receita vitoriosa de p\u00fablico: o encontro da for\u00e7a expressiva da cultura popular com uma orienta\u00e7\u00e3o est\u00e9tica sofisticada da dire\u00e7\u00e3o da companhia. Embasada numa leitura antropol\u00f3gica da arte, numa leitura refinada da cultura popular e embalada pela criatividade da linguagem art\u00edstica da dan\u00e7a. Isso explica o reconhecimento de p\u00fablico obtido pela companhia.<\/p>\n<p>&nbsp;<\/p>\n<p>Essa percep\u00e7\u00e3o cr\u00edtica da realidade foi que levou Vav\u00e1 Botelho, assim que a sede do BFB no Pelourinho come\u00e7ou a funcionar, a pensar junto com o seu diretor art\u00edstico, Jos\u00e9 Carlos Santos (Zebrinha), em incorporar \u00e0 companhia uma escola de prepara\u00e7\u00e3o de futuros bailarinos. No bairro negro do Pelourinho, repleto de meninos e meninas de rua, muitos dos quais sem quaisquer atividade durante o dia, Vav\u00e1 e Zebrinha decidiram apostar no trabalho sociocultural: \u201cOs meninos de rua n\u00e3o permitiam que n\u00f3s trabalh\u00e1ssemos normalmente. Gritavam, atiravam pedras, faziam de tudo para atrapalhar o andamento das atividades dos ensaios. Ent\u00e3o, pensamos: porque n\u00e3o trazer esses meninos para ver o nosso trabalho?\u201d<\/p>\n<p>&nbsp;<\/p>\n<p>Da\u00ed em diante, como numa divis\u00e3o de base do futebol, se formou a companhia de juniores do Bal\u00e9 Folcl\u00f3rico da Bahia. Meninos e meninas de rua revelados no tablado e logo al\u00e7ados \u00e0 condi\u00e7\u00e3o de artistas de qualidade. Atualmente, s\u00e3o mais de 300 crian\u00e7as atendidas pelo projeto com aulas de bal\u00e9 moderno, bal\u00e9 cl\u00e1ssico, dan\u00e7a afro, dan\u00e7a contempor\u00e2nea e gin\u00e1stica r\u00edtmica. Duas horas di\u00e1rias de estudo durante tr\u00eas dias da semana. Tudo sob avan\u00e7ada orienta\u00e7\u00e3o pedag\u00f3gica que desperta na molecada a consci\u00eancia identit\u00e1ria e suscita a descoberta do mundo atrav\u00e9s da dan\u00e7a e da arte. E mais: abre um novo horizonte e novas perspectivas para garotos e garotas iniciarem uma vida nova.<\/p>\n<p>&nbsp;<\/p>\n<p>\u201cQuando eles saem do BFB, eles partem para atuar como profissionais de dan\u00e7a moderna e com super sucesso, porque eles t\u00eam um diferencial que \u00e9 a t\u00e9cnica da dan\u00e7a afro brasileira que muitos dan\u00e7arinos n\u00e3o t\u00eam\u201d, destaca o diretor art\u00edstico da companhia Zebrinha.<\/p>\n<p>&nbsp;<\/p>\n<p>A dimens\u00e3o social do trabalho n\u00e3o \u00e9 aspecto secund\u00e1rio no projeto. Tem um sentido essencial. \u201cEu adentrei a um portal. Passei a cumprir uma miss\u00e3o de vida que me foi destinada. \u00c9 o que tenho feito com o esse trabalho que n\u00e3o \u00e9 s\u00f3 art\u00edstico, mas que est\u00e1 muito ligado \u00e0 quest\u00e3o social. De promo\u00e7\u00e3o do ser humano e que terminou sendo a base de nossa companhia. Sem o trabalho social, a companhia n\u00e3o existiria\u201d, assegura Vav\u00e1 Botelho.<\/p>\n<p>&nbsp;<\/p>\n<p>De fato, centenas de meninos e meninas de rua que hoje se encontram na escola preparat\u00f3ria, e que muito provavelmente estariam em situa\u00e7\u00e3o de risco e vulnerabilidade social, caso n\u00e3o tivessem essa oportunidade, vivem no corpo e na alma uma mudan\u00e7a em profundidade. Muitos brilham pelos palcos do mundo.<\/p>\n<p>&nbsp;<\/p>\n<p>Outros ascenderam para o corpo principal do BFB, tornando-se astros da dan\u00e7a. Todos os anos, esses novos talentos emergem no Pelourinho, bem no centro da pra\u00e7a onde muitos negros gemeram no tempo da escravid\u00e3o a\u00e7oitados no tronco de madeira que deu nome ao bairro colonial. A arte e a dan\u00e7a fizeram assim as mudan\u00e7as de que s\u00e3o capazes, transformar meninos de rua em grandes artistas, mostrando, na pr\u00e1tica, como santo de casa tamb\u00e9m faz milagre e do que a arte \u00e9 capaz<\/p>\n<p>&nbsp;<\/p>\n<p>Festival de Divindades Negras &#8211; Lom\u00e9, Togo<\/p>\n<div data-carousel-extra='{\"blog_id\":1,\"permalink\":\"https:\\\/\\\/balefolcloricodabahia.com.br\\\/site\\\/pt\\\/a-dimensao-social-da-arte\\\/\",\"likes_blog_id\":false}' class=\"tiled-gallery type-rectangular tiled-gallery-unresized\" data-original-width=\"2600\"><div class=\"gallery-row\" style=\"width: 2595px; height: 1295px;\"><div class=\"gallery-group images-1\" style=\"width: 1730px; height: 1299px;\"><div class=\"tiled-gallery-item tiled-gallery-item-large\"><a href=\"https:\/\/balefolcloricodabahia.com.br\/site\/pt\/a-dimensao-social-da-arte\/festival-de-divindades-negras_lome-togo_foto-vava-botelho19\/\"><img loading=\"lazy\" decoding=\"async\" data-attachment-id=\"760\" data-orig-file=\"https:\/\/balefolcloricodabahia.com.br\/site\/wp-content\/uploads\/2018\/04\/Festival-de-Divindades-Negras_Lome-Togo_Foto-Vava-Botelho19.jpg\" data-orig-size=\"1920,1440\" data-comments-opened=\"0\" data-image-meta=\"{&quot;aperture&quot;:&quot;0&quot;,&quot;credit&quot;:&quot;&quot;,&quot;camera&quot;:&quot;&quot;,&quot;caption&quot;:&quot;&quot;,&quot;created_timestamp&quot;:&quot;0&quot;,&quot;copyright&quot;:&quot;&quot;,&quot;focal_length&quot;:&quot;0&quot;,&quot;iso&quot;:&quot;0&quot;,&quot;shutter_speed&quot;:&quot;0&quot;,&quot;title&quot;:&quot;&quot;,&quot;orientation&quot;:&quot;0&quot;,&quot;keywords&quot;:&quot;Array&quot;}\" data-image-title=\"Festival-de-Divindades-Negras_Lome-Togo_Foto-Vava-Botelho19\" data-image-description=\"\" data-medium-file=\"https:\/\/balefolcloricodabahia.com.br\/site\/wp-content\/uploads\/2018\/04\/Festival-de-Divindades-Negras_Lome-Togo_Foto-Vava-Botelho19-300x225.jpg\" data-large-file=\"https:\/\/balefolcloricodabahia.com.br\/site\/wp-content\/uploads\/2018\/04\/Festival-de-Divindades-Negras_Lome-Togo_Foto-Vava-Botelho19-1024x768.jpg\" src=\"https:\/\/balefolcloricodabahia.com.br\/site\/wp-content\/uploads\/2018\/04\/Festival-de-Divindades-Negras_Lome-Togo_Foto-Vava-Botelho19.jpg?w=1726&#038;h=1295\" width=\"1726\" height=\"1295\" align=\"left\" title=\"Festival-de-Divindades-Negras_Lome-Togo_Foto-Vava-Botelho19\" \/><\/a><\/div><\/div><div class=\"gallery-group images-2\" style=\"width: 865px; height: 1299px;\"><div class=\"tiled-gallery-item tiled-gallery-item-large\"><a href=\"https:\/\/balefolcloricodabahia.com.br\/site\/pt\/a-dimensao-social-da-arte\/festival-de-divindades-negras_lome-togo_foto-vava-botelho18\/\"><img loading=\"lazy\" decoding=\"async\" data-attachment-id=\"759\" data-orig-file=\"https:\/\/balefolcloricodabahia.com.br\/site\/wp-content\/uploads\/2018\/04\/Festival-de-Divindades-Negras_Lome-Togo_Foto-Vava-Botelho18.jpg\" data-orig-size=\"2048,1536\" data-comments-opened=\"0\" data-image-meta=\"{&quot;aperture&quot;:&quot;0&quot;,&quot;credit&quot;:&quot;&quot;,&quot;camera&quot;:&quot;&quot;,&quot;caption&quot;:&quot;&quot;,&quot;created_timestamp&quot;:&quot;0&quot;,&quot;copyright&quot;:&quot;&quot;,&quot;focal_length&quot;:&quot;0&quot;,&quot;iso&quot;:&quot;0&quot;,&quot;shutter_speed&quot;:&quot;0&quot;,&quot;title&quot;:&quot;&quot;,&quot;orientation&quot;:&quot;0&quot;,&quot;keywords&quot;:&quot;Array&quot;}\" data-image-title=\"Festival-de-Divindades-Negras_Lome-Togo_Foto-Vava-Botelho18\" data-image-description=\"\" data-medium-file=\"https:\/\/balefolcloricodabahia.com.br\/site\/wp-content\/uploads\/2018\/04\/Festival-de-Divindades-Negras_Lome-Togo_Foto-Vava-Botelho18-300x225.jpg\" data-large-file=\"https:\/\/balefolcloricodabahia.com.br\/site\/wp-content\/uploads\/2018\/04\/Festival-de-Divindades-Negras_Lome-Togo_Foto-Vava-Botelho18-1024x768.jpg\" src=\"https:\/\/balefolcloricodabahia.com.br\/site\/wp-content\/uploads\/2018\/04\/Festival-de-Divindades-Negras_Lome-Togo_Foto-Vava-Botelho18.jpg?w=861&#038;h=646\" width=\"861\" height=\"646\" align=\"left\" title=\"Festival-de-Divindades-Negras_Lome-Togo_Foto-Vava-Botelho18\" \/><\/a><\/div><div class=\"tiled-gallery-item tiled-gallery-item-large\"><a href=\"https:\/\/balefolcloricodabahia.com.br\/site\/pt\/a-dimensao-social-da-arte\/festival-de-divindades-negras_lome-togo_foto-vava-botelho17\/\"><img loading=\"lazy\" decoding=\"async\" data-attachment-id=\"758\" data-orig-file=\"https:\/\/balefolcloricodabahia.com.br\/site\/wp-content\/uploads\/2018\/04\/Festival-de-Divindades-Negras_Lome-Togo_Foto-Vava-Botelho17.jpg\" data-orig-size=\"2048,1536\" data-comments-opened=\"0\" data-image-meta=\"{&quot;aperture&quot;:&quot;0&quot;,&quot;credit&quot;:&quot;&quot;,&quot;camera&quot;:&quot;&quot;,&quot;caption&quot;:&quot;&quot;,&quot;created_timestamp&quot;:&quot;0&quot;,&quot;copyright&quot;:&quot;&quot;,&quot;focal_length&quot;:&quot;0&quot;,&quot;iso&quot;:&quot;0&quot;,&quot;shutter_speed&quot;:&quot;0&quot;,&quot;title&quot;:&quot;&quot;,&quot;orientation&quot;:&quot;0&quot;,&quot;keywords&quot;:&quot;Array&quot;}\" data-image-title=\"Festival-de-Divindades-Negras_Lome-Togo_Foto-Vava-Botelho17\" data-image-description=\"\" data-medium-file=\"https:\/\/balefolcloricodabahia.com.br\/site\/wp-content\/uploads\/2018\/04\/Festival-de-Divindades-Negras_Lome-Togo_Foto-Vava-Botelho17-300x225.jpg\" data-large-file=\"https:\/\/balefolcloricodabahia.com.br\/site\/wp-content\/uploads\/2018\/04\/Festival-de-Divindades-Negras_Lome-Togo_Foto-Vava-Botelho17-1024x768.jpg\" src=\"https:\/\/balefolcloricodabahia.com.br\/site\/wp-content\/uploads\/2018\/04\/Festival-de-Divindades-Negras_Lome-Togo_Foto-Vava-Botelho17.jpg?w=861&#038;h=645\" width=\"861\" height=\"645\" align=\"left\" title=\"Festival-de-Divindades-Negras_Lome-Togo_Foto-Vava-Botelho17\" \/><\/a><\/div><\/div><\/div><div class=\"gallery-row\" style=\"width: 2595px; height: 646px;\"><div class=\"gallery-group images-1\" style=\"width: 865px; height: 650px;\"><div class=\"tiled-gallery-item tiled-gallery-item-large\"><a href=\"https:\/\/balefolcloricodabahia.com.br\/site\/pt\/a-dimensao-social-da-arte\/festival-de-divindades-negras_lome-togo_foto-vava-botelho16\/\"><img loading=\"lazy\" decoding=\"async\" data-attachment-id=\"757\" data-orig-file=\"https:\/\/balefolcloricodabahia.com.br\/site\/wp-content\/uploads\/2018\/04\/Festival-de-Divindades-Negras_Lome-Togo_Foto-Vava-Botelho16.jpg\" data-orig-size=\"2048,1536\" data-comments-opened=\"0\" data-image-meta=\"{&quot;aperture&quot;:&quot;0&quot;,&quot;credit&quot;:&quot;&quot;,&quot;camera&quot;:&quot;&quot;,&quot;caption&quot;:&quot;&quot;,&quot;created_timestamp&quot;:&quot;0&quot;,&quot;copyright&quot;:&quot;&quot;,&quot;focal_length&quot;:&quot;0&quot;,&quot;iso&quot;:&quot;0&quot;,&quot;shutter_speed&quot;:&quot;0&quot;,&quot;title&quot;:&quot;&quot;,&quot;orientation&quot;:&quot;0&quot;,&quot;keywords&quot;:&quot;Array&quot;}\" data-image-title=\"Festival-de-Divindades-Negras_Lome-Togo_Foto-Vava-Botelho16\" data-image-description=\"\" data-medium-file=\"https:\/\/balefolcloricodabahia.com.br\/site\/wp-content\/uploads\/2018\/04\/Festival-de-Divindades-Negras_Lome-Togo_Foto-Vava-Botelho16-300x225.jpg\" data-large-file=\"https:\/\/balefolcloricodabahia.com.br\/site\/wp-content\/uploads\/2018\/04\/Festival-de-Divindades-Negras_Lome-Togo_Foto-Vava-Botelho16-1024x768.jpg\" src=\"https:\/\/balefolcloricodabahia.com.br\/site\/wp-content\/uploads\/2018\/04\/Festival-de-Divindades-Negras_Lome-Togo_Foto-Vava-Botelho16.jpg?w=861&#038;h=646\" width=\"861\" height=\"646\" align=\"left\" title=\"Festival-de-Divindades-Negras_Lome-Togo_Foto-Vava-Botelho16\" \/><\/a><\/div><\/div><div class=\"gallery-group images-1\" style=\"width: 865px; height: 650px;\"><div class=\"tiled-gallery-item tiled-gallery-item-large\"><a href=\"https:\/\/balefolcloricodabahia.com.br\/site\/pt\/a-dimensao-social-da-arte\/festival-de-divindades-negras_lome-togo_foto-vava-botelho15\/\"><img loading=\"lazy\" decoding=\"async\" data-attachment-id=\"756\" data-orig-file=\"https:\/\/balefolcloricodabahia.com.br\/site\/wp-content\/uploads\/2018\/04\/Festival-de-Divindades-Negras_Lome-Togo_Foto-Vava-Botelho15.jpg\" data-orig-size=\"2048,1536\" data-comments-opened=\"0\" data-image-meta=\"{&quot;aperture&quot;:&quot;0&quot;,&quot;credit&quot;:&quot;&quot;,&quot;camera&quot;:&quot;&quot;,&quot;caption&quot;:&quot;&quot;,&quot;created_timestamp&quot;:&quot;0&quot;,&quot;copyright&quot;:&quot;&quot;,&quot;focal_length&quot;:&quot;0&quot;,&quot;iso&quot;:&quot;0&quot;,&quot;shutter_speed&quot;:&quot;0&quot;,&quot;title&quot;:&quot;&quot;,&quot;orientation&quot;:&quot;0&quot;,&quot;keywords&quot;:&quot;Array&quot;}\" data-image-title=\"Festival-de-Divindades-Negras_Lome-Togo_Foto-Vava-Botelho15\" data-image-description=\"\" data-medium-file=\"https:\/\/balefolcloricodabahia.com.br\/site\/wp-content\/uploads\/2018\/04\/Festival-de-Divindades-Negras_Lome-Togo_Foto-Vava-Botelho15-300x225.jpg\" data-large-file=\"https:\/\/balefolcloricodabahia.com.br\/site\/wp-content\/uploads\/2018\/04\/Festival-de-Divindades-Negras_Lome-Togo_Foto-Vava-Botelho15-1024x768.jpg\" src=\"https:\/\/balefolcloricodabahia.com.br\/site\/wp-content\/uploads\/2018\/04\/Festival-de-Divindades-Negras_Lome-Togo_Foto-Vava-Botelho15.jpg?w=861&#038;h=646\" width=\"861\" height=\"646\" align=\"left\" title=\"Festival-de-Divindades-Negras_Lome-Togo_Foto-Vava-Botelho15\" \/><\/a><\/div><\/div><div class=\"gallery-group images-1\" style=\"width: 865px; height: 650px;\"><div class=\"tiled-gallery-item tiled-gallery-item-large\"><a href=\"https:\/\/balefolcloricodabahia.com.br\/site\/pt\/a-dimensao-social-da-arte\/festival-de-divindades-negras_lome-togo_foto-vava-botelho14\/\"><img loading=\"lazy\" decoding=\"async\" data-attachment-id=\"755\" data-orig-file=\"https:\/\/balefolcloricodabahia.com.br\/site\/wp-content\/uploads\/2018\/04\/Festival-de-Divindades-Negras_Lome-Togo_Foto-Vava-Botelho14.jpg\" data-orig-size=\"2048,1536\" data-comments-opened=\"0\" data-image-meta=\"{&quot;aperture&quot;:&quot;0&quot;,&quot;credit&quot;:&quot;&quot;,&quot;camera&quot;:&quot;&quot;,&quot;caption&quot;:&quot;&quot;,&quot;created_timestamp&quot;:&quot;0&quot;,&quot;copyright&quot;:&quot;&quot;,&quot;focal_length&quot;:&quot;0&quot;,&quot;iso&quot;:&quot;0&quot;,&quot;shutter_speed&quot;:&quot;0&quot;,&quot;title&quot;:&quot;&quot;,&quot;orientation&quot;:&quot;0&quot;,&quot;keywords&quot;:&quot;Array&quot;}\" data-image-title=\"Festival-de-Divindades-Negras_Lome-Togo_Foto-Vava-Botelho14\" data-image-description=\"\" data-medium-file=\"https:\/\/balefolcloricodabahia.com.br\/site\/wp-content\/uploads\/2018\/04\/Festival-de-Divindades-Negras_Lome-Togo_Foto-Vava-Botelho14-300x225.jpg\" data-large-file=\"https:\/\/balefolcloricodabahia.com.br\/site\/wp-content\/uploads\/2018\/04\/Festival-de-Divindades-Negras_Lome-Togo_Foto-Vava-Botelho14-1024x768.jpg\" src=\"https:\/\/balefolcloricodabahia.com.br\/site\/wp-content\/uploads\/2018\/04\/Festival-de-Divindades-Negras_Lome-Togo_Foto-Vava-Botelho14.jpg?w=861&#038;h=646\" width=\"861\" height=\"646\" align=\"left\" title=\"Festival-de-Divindades-Negras_Lome-Togo_Foto-Vava-Botelho14\" \/><\/a><\/div><\/div><\/div><div class=\"gallery-row\" style=\"width: 2595px; height: 1295px;\"><div class=\"gallery-group images-2\" style=\"width: 865px; height: 1299px;\"><div class=\"tiled-gallery-item tiled-gallery-item-large\"><a href=\"https:\/\/balefolcloricodabahia.com.br\/site\/pt\/a-dimensao-social-da-arte\/festival-de-divindades-negras_lome-togo_foto-vava-botelho13\/\"><img loading=\"lazy\" decoding=\"async\" data-attachment-id=\"754\" data-orig-file=\"https:\/\/balefolcloricodabahia.com.br\/site\/wp-content\/uploads\/2018\/04\/Festival-de-Divindades-Negras_Lome-Togo_Foto-Vava-Botelho13.jpg\" data-orig-size=\"2048,1536\" data-comments-opened=\"0\" data-image-meta=\"{&quot;aperture&quot;:&quot;0&quot;,&quot;credit&quot;:&quot;&quot;,&quot;camera&quot;:&quot;&quot;,&quot;caption&quot;:&quot;&quot;,&quot;created_timestamp&quot;:&quot;0&quot;,&quot;copyright&quot;:&quot;&quot;,&quot;focal_length&quot;:&quot;0&quot;,&quot;iso&quot;:&quot;0&quot;,&quot;shutter_speed&quot;:&quot;0&quot;,&quot;title&quot;:&quot;&quot;,&quot;orientation&quot;:&quot;0&quot;,&quot;keywords&quot;:&quot;Array&quot;}\" data-image-title=\"Festival-de-Divindades-Negras_Lome-Togo_Foto-Vava-Botelho13\" data-image-description=\"\" data-medium-file=\"https:\/\/balefolcloricodabahia.com.br\/site\/wp-content\/uploads\/2018\/04\/Festival-de-Divindades-Negras_Lome-Togo_Foto-Vava-Botelho13-300x225.jpg\" data-large-file=\"https:\/\/balefolcloricodabahia.com.br\/site\/wp-content\/uploads\/2018\/04\/Festival-de-Divindades-Negras_Lome-Togo_Foto-Vava-Botelho13-1024x768.jpg\" src=\"https:\/\/balefolcloricodabahia.com.br\/site\/wp-content\/uploads\/2018\/04\/Festival-de-Divindades-Negras_Lome-Togo_Foto-Vava-Botelho13.jpg?w=861&#038;h=646\" width=\"861\" height=\"646\" align=\"left\" title=\"Festival-de-Divindades-Negras_Lome-Togo_Foto-Vava-Botelho13\" \/><\/a><\/div><div class=\"tiled-gallery-item tiled-gallery-item-large\"><a href=\"https:\/\/balefolcloricodabahia.com.br\/site\/pt\/a-dimensao-social-da-arte\/festival-de-divindades-negras_lome-togo_foto-vava-botelho12\/\"><img loading=\"lazy\" decoding=\"async\" data-attachment-id=\"753\" data-orig-file=\"https:\/\/balefolcloricodabahia.com.br\/site\/wp-content\/uploads\/2018\/04\/Festival-de-Divindades-Negras_Lome-Togo_Foto-Vava-Botelho12.jpg\" data-orig-size=\"2048,1536\" data-comments-opened=\"0\" data-image-meta=\"{&quot;aperture&quot;:&quot;0&quot;,&quot;credit&quot;:&quot;&quot;,&quot;camera&quot;:&quot;&quot;,&quot;caption&quot;:&quot;&quot;,&quot;created_timestamp&quot;:&quot;0&quot;,&quot;copyright&quot;:&quot;&quot;,&quot;focal_length&quot;:&quot;0&quot;,&quot;iso&quot;:&quot;0&quot;,&quot;shutter_speed&quot;:&quot;0&quot;,&quot;title&quot;:&quot;&quot;,&quot;orientation&quot;:&quot;0&quot;,&quot;keywords&quot;:&quot;Array&quot;}\" data-image-title=\"Festival-de-Divindades-Negras_Lome-Togo_Foto-Vava-Botelho12\" data-image-description=\"\" data-medium-file=\"https:\/\/balefolcloricodabahia.com.br\/site\/wp-content\/uploads\/2018\/04\/Festival-de-Divindades-Negras_Lome-Togo_Foto-Vava-Botelho12-300x225.jpg\" data-large-file=\"https:\/\/balefolcloricodabahia.com.br\/site\/wp-content\/uploads\/2018\/04\/Festival-de-Divindades-Negras_Lome-Togo_Foto-Vava-Botelho12-1024x768.jpg\" src=\"https:\/\/balefolcloricodabahia.com.br\/site\/wp-content\/uploads\/2018\/04\/Festival-de-Divindades-Negras_Lome-Togo_Foto-Vava-Botelho12.jpg?w=861&#038;h=645\" width=\"861\" height=\"645\" align=\"left\" title=\"Festival-de-Divindades-Negras_Lome-Togo_Foto-Vava-Botelho12\" \/><\/a><\/div><\/div><div class=\"gallery-group images-1\" style=\"width: 1730px; height: 1299px;\"><div class=\"tiled-gallery-item tiled-gallery-item-large\"><a href=\"https:\/\/balefolcloricodabahia.com.br\/site\/pt\/a-dimensao-social-da-arte\/festival-de-divindades-negras_lome-togo_foto-vava-botelho10\/\"><img loading=\"lazy\" decoding=\"async\" data-attachment-id=\"751\" data-orig-file=\"https:\/\/balefolcloricodabahia.com.br\/site\/wp-content\/uploads\/2018\/04\/Festival-de-Divindades-Negras_Lome-Togo_Foto-Vava-Botelho10.jpg\" data-orig-size=\"2048,1536\" data-comments-opened=\"0\" data-image-meta=\"{&quot;aperture&quot;:&quot;0&quot;,&quot;credit&quot;:&quot;&quot;,&quot;camera&quot;:&quot;&quot;,&quot;caption&quot;:&quot;&quot;,&quot;created_timestamp&quot;:&quot;0&quot;,&quot;copyright&quot;:&quot;&quot;,&quot;focal_length&quot;:&quot;0&quot;,&quot;iso&quot;:&quot;0&quot;,&quot;shutter_speed&quot;:&quot;0&quot;,&quot;title&quot;:&quot;&quot;,&quot;orientation&quot;:&quot;0&quot;,&quot;keywords&quot;:&quot;Array&quot;}\" data-image-title=\"Festival-de-Divindades-Negras_Lome-Togo_Foto-Vava-Botelho10\" data-image-description=\"\" data-medium-file=\"https:\/\/balefolcloricodabahia.com.br\/site\/wp-content\/uploads\/2018\/04\/Festival-de-Divindades-Negras_Lome-Togo_Foto-Vava-Botelho10-300x225.jpg\" data-large-file=\"https:\/\/balefolcloricodabahia.com.br\/site\/wp-content\/uploads\/2018\/04\/Festival-de-Divindades-Negras_Lome-Togo_Foto-Vava-Botelho10-1024x768.jpg\" src=\"https:\/\/balefolcloricodabahia.com.br\/site\/wp-content\/uploads\/2018\/04\/Festival-de-Divindades-Negras_Lome-Togo_Foto-Vava-Botelho10.jpg?w=1726&#038;h=1295\" width=\"1726\" height=\"1295\" align=\"left\" title=\"Festival-de-Divindades-Negras_Lome-Togo_Foto-Vava-Botelho10\" \/><\/a><\/div><\/div><\/div><div class=\"gallery-row\" style=\"width: 2595px; height: 646px;\"><div class=\"gallery-group images-1\" style=\"width: 865px; height: 650px;\"><div class=\"tiled-gallery-item tiled-gallery-item-large\"><a href=\"https:\/\/balefolcloricodabahia.com.br\/site\/pt\/a-dimensao-social-da-arte\/festival-de-divindades-negras_lome-togo_foto-vava-botelho9\/\"><img loading=\"lazy\" decoding=\"async\" data-attachment-id=\"750\" data-orig-file=\"https:\/\/balefolcloricodabahia.com.br\/site\/wp-content\/uploads\/2018\/04\/Festival-de-Divindades-Negras_Lome-Togo_Foto-Vava-Botelho9.jpg\" data-orig-size=\"1920,1440\" data-comments-opened=\"0\" data-image-meta=\"{&quot;aperture&quot;:&quot;0&quot;,&quot;credit&quot;:&quot;&quot;,&quot;camera&quot;:&quot;&quot;,&quot;caption&quot;:&quot;&quot;,&quot;created_timestamp&quot;:&quot;0&quot;,&quot;copyright&quot;:&quot;&quot;,&quot;focal_length&quot;:&quot;0&quot;,&quot;iso&quot;:&quot;0&quot;,&quot;shutter_speed&quot;:&quot;0&quot;,&quot;title&quot;:&quot;&quot;,&quot;orientation&quot;:&quot;0&quot;,&quot;keywords&quot;:&quot;Array&quot;}\" data-image-title=\"Festival-de-Divindades-Negras_Lome-Togo_Foto-Vava-Botelho9\" data-image-description=\"\" data-medium-file=\"https:\/\/balefolcloricodabahia.com.br\/site\/wp-content\/uploads\/2018\/04\/Festival-de-Divindades-Negras_Lome-Togo_Foto-Vava-Botelho9-300x225.jpg\" data-large-file=\"https:\/\/balefolcloricodabahia.com.br\/site\/wp-content\/uploads\/2018\/04\/Festival-de-Divindades-Negras_Lome-Togo_Foto-Vava-Botelho9-1024x768.jpg\" src=\"https:\/\/balefolcloricodabahia.com.br\/site\/wp-content\/uploads\/2018\/04\/Festival-de-Divindades-Negras_Lome-Togo_Foto-Vava-Botelho9.jpg?w=861&#038;h=646\" width=\"861\" height=\"646\" align=\"left\" title=\"Festival-de-Divindades-Negras_Lome-Togo_Foto-Vava-Botelho9\" \/><\/a><\/div><\/div><div class=\"gallery-group images-1\" style=\"width: 865px; height: 650px;\"><div class=\"tiled-gallery-item tiled-gallery-item-large\"><a href=\"https:\/\/balefolcloricodabahia.com.br\/site\/pt\/a-dimensao-social-da-arte\/festival-de-divindades-negras_lome-togo_foto-vava-botelho8\/\"><img loading=\"lazy\" decoding=\"async\" data-attachment-id=\"749\" data-orig-file=\"https:\/\/balefolcloricodabahia.com.br\/site\/wp-content\/uploads\/2018\/04\/Festival-de-Divindades-Negras_Lome-Togo_Foto-Vava-Botelho8.jpg\" data-orig-size=\"1920,1440\" data-comments-opened=\"0\" data-image-meta=\"{&quot;aperture&quot;:&quot;0&quot;,&quot;credit&quot;:&quot;&quot;,&quot;camera&quot;:&quot;&quot;,&quot;caption&quot;:&quot;&quot;,&quot;created_timestamp&quot;:&quot;0&quot;,&quot;copyright&quot;:&quot;&quot;,&quot;focal_length&quot;:&quot;0&quot;,&quot;iso&quot;:&quot;0&quot;,&quot;shutter_speed&quot;:&quot;0&quot;,&quot;title&quot;:&quot;&quot;,&quot;orientation&quot;:&quot;0&quot;,&quot;keywords&quot;:&quot;Array&quot;}\" data-image-title=\"Festival-de-Divindades-Negras_Lome-Togo_Foto-Vava-Botelho8\" data-image-description=\"\" data-medium-file=\"https:\/\/balefolcloricodabahia.com.br\/site\/wp-content\/uploads\/2018\/04\/Festival-de-Divindades-Negras_Lome-Togo_Foto-Vava-Botelho8-300x225.jpg\" data-large-file=\"https:\/\/balefolcloricodabahia.com.br\/site\/wp-content\/uploads\/2018\/04\/Festival-de-Divindades-Negras_Lome-Togo_Foto-Vava-Botelho8-1024x768.jpg\" src=\"https:\/\/balefolcloricodabahia.com.br\/site\/wp-content\/uploads\/2018\/04\/Festival-de-Divindades-Negras_Lome-Togo_Foto-Vava-Botelho8.jpg?w=861&#038;h=646\" width=\"861\" height=\"646\" align=\"left\" title=\"Festival-de-Divindades-Negras_Lome-Togo_Foto-Vava-Botelho8\" \/><\/a><\/div><\/div><div class=\"gallery-group images-1\" style=\"width: 865px; height: 650px;\"><div class=\"tiled-gallery-item tiled-gallery-item-large\"><a href=\"https:\/\/balefolcloricodabahia.com.br\/site\/pt\/a-dimensao-social-da-arte\/festival-de-divindades-negras_lome-togo_foto-vava-botelho7\/\"><img loading=\"lazy\" decoding=\"async\" data-attachment-id=\"748\" data-orig-file=\"https:\/\/balefolcloricodabahia.com.br\/site\/wp-content\/uploads\/2018\/04\/Festival-de-Divindades-Negras_Lome-Togo_Foto-Vava-Botelho7.jpg\" data-orig-size=\"1920,1440\" data-comments-opened=\"0\" data-image-meta=\"{&quot;aperture&quot;:&quot;0&quot;,&quot;credit&quot;:&quot;&quot;,&quot;camera&quot;:&quot;&quot;,&quot;caption&quot;:&quot;&quot;,&quot;created_timestamp&quot;:&quot;0&quot;,&quot;copyright&quot;:&quot;&quot;,&quot;focal_length&quot;:&quot;0&quot;,&quot;iso&quot;:&quot;0&quot;,&quot;shutter_speed&quot;:&quot;0&quot;,&quot;title&quot;:&quot;&quot;,&quot;orientation&quot;:&quot;0&quot;,&quot;keywords&quot;:&quot;Array&quot;}\" data-image-title=\"Festival-de-Divindades-Negras_Lome-Togo_Foto-Vava-Botelho7\" data-image-description=\"\" data-medium-file=\"https:\/\/balefolcloricodabahia.com.br\/site\/wp-content\/uploads\/2018\/04\/Festival-de-Divindades-Negras_Lome-Togo_Foto-Vava-Botelho7-300x225.jpg\" data-large-file=\"https:\/\/balefolcloricodabahia.com.br\/site\/wp-content\/uploads\/2018\/04\/Festival-de-Divindades-Negras_Lome-Togo_Foto-Vava-Botelho7-1024x768.jpg\" src=\"https:\/\/balefolcloricodabahia.com.br\/site\/wp-content\/uploads\/2018\/04\/Festival-de-Divindades-Negras_Lome-Togo_Foto-Vava-Botelho7.jpg?w=861&#038;h=646\" width=\"861\" height=\"646\" align=\"left\" title=\"Festival-de-Divindades-Negras_Lome-Togo_Foto-Vava-Botelho7\" \/><\/a><\/div><\/div><\/div><div class=\"gallery-row\" style=\"width: 2595px; height: 1192px;\"><div class=\"gallery-group images-1\" style=\"width: 1799px; height: 1196px;\"><div class=\"tiled-gallery-item tiled-gallery-item-large\"><a href=\"https:\/\/balefolcloricodabahia.com.br\/site\/pt\/a-dimensao-social-da-arte\/festival-de-divindades-negras_lome-togo_foto-vava-botelho6\/\"><img loading=\"lazy\" decoding=\"async\" data-attachment-id=\"747\" data-orig-file=\"https:\/\/balefolcloricodabahia.com.br\/site\/wp-content\/uploads\/2018\/04\/Festival-de-Divindades-Negras_Lome-Togo_Foto-Vava-Botelho6.jpg\" data-orig-size=\"1920,1275\" data-comments-opened=\"0\" data-image-meta=\"{&quot;aperture&quot;:&quot;0&quot;,&quot;credit&quot;:&quot;&quot;,&quot;camera&quot;:&quot;&quot;,&quot;caption&quot;:&quot;&quot;,&quot;created_timestamp&quot;:&quot;0&quot;,&quot;copyright&quot;:&quot;&quot;,&quot;focal_length&quot;:&quot;0&quot;,&quot;iso&quot;:&quot;0&quot;,&quot;shutter_speed&quot;:&quot;0&quot;,&quot;title&quot;:&quot;&quot;,&quot;orientation&quot;:&quot;0&quot;,&quot;keywords&quot;:&quot;Array&quot;}\" data-image-title=\"Festival-de-Divindades-Negras_Lome-Togo_Foto-Vava-Botelho6\" data-image-description=\"\" data-medium-file=\"https:\/\/balefolcloricodabahia.com.br\/site\/wp-content\/uploads\/2018\/04\/Festival-de-Divindades-Negras_Lome-Togo_Foto-Vava-Botelho6-300x199.jpg\" data-large-file=\"https:\/\/balefolcloricodabahia.com.br\/site\/wp-content\/uploads\/2018\/04\/Festival-de-Divindades-Negras_Lome-Togo_Foto-Vava-Botelho6-1024x680.jpg\" src=\"https:\/\/balefolcloricodabahia.com.br\/site\/wp-content\/uploads\/2018\/04\/Festival-de-Divindades-Negras_Lome-Togo_Foto-Vava-Botelho6.jpg?w=1795&#038;h=1192\" width=\"1795\" height=\"1192\" align=\"left\" title=\"Festival-de-Divindades-Negras_Lome-Togo_Foto-Vava-Botelho6\" \/><\/a><\/div><\/div><div class=\"gallery-group images-2\" style=\"width: 796px; height: 1196px;\"><div class=\"tiled-gallery-item tiled-gallery-item-large\"><a href=\"https:\/\/balefolcloricodabahia.com.br\/site\/pt\/a-dimensao-social-da-arte\/festival-de-divindades-negras_lome-togo_foto-vava-botelho5\/\"><img loading=\"lazy\" decoding=\"async\" data-attachment-id=\"746\" data-orig-file=\"https:\/\/balefolcloricodabahia.com.br\/site\/wp-content\/uploads\/2018\/04\/Festival-de-Divindades-Negras_Lome-Togo_Foto-Vava-Botelho5.jpg\" data-orig-size=\"1920,1440\" data-comments-opened=\"0\" data-image-meta=\"{&quot;aperture&quot;:&quot;0&quot;,&quot;credit&quot;:&quot;&quot;,&quot;camera&quot;:&quot;&quot;,&quot;caption&quot;:&quot;&quot;,&quot;created_timestamp&quot;:&quot;0&quot;,&quot;copyright&quot;:&quot;&quot;,&quot;focal_length&quot;:&quot;0&quot;,&quot;iso&quot;:&quot;0&quot;,&quot;shutter_speed&quot;:&quot;0&quot;,&quot;title&quot;:&quot;&quot;,&quot;orientation&quot;:&quot;0&quot;,&quot;keywords&quot;:&quot;Array&quot;}\" data-image-title=\"Festival-de-Divindades-Negras_Lome-Togo_Foto-Vava-Botelho5\" data-image-description=\"\" data-medium-file=\"https:\/\/balefolcloricodabahia.com.br\/site\/wp-content\/uploads\/2018\/04\/Festival-de-Divindades-Negras_Lome-Togo_Foto-Vava-Botelho5-300x225.jpg\" data-large-file=\"https:\/\/balefolcloricodabahia.com.br\/site\/wp-content\/uploads\/2018\/04\/Festival-de-Divindades-Negras_Lome-Togo_Foto-Vava-Botelho5-1024x768.jpg\" src=\"https:\/\/balefolcloricodabahia.com.br\/site\/wp-content\/uploads\/2018\/04\/Festival-de-Divindades-Negras_Lome-Togo_Foto-Vava-Botelho5.jpg?w=792&#038;h=594\" width=\"792\" height=\"594\" align=\"left\" title=\"Festival-de-Divindades-Negras_Lome-Togo_Foto-Vava-Botelho5\" \/><\/a><\/div><div class=\"tiled-gallery-item tiled-gallery-item-large\"><a href=\"https:\/\/balefolcloricodabahia.com.br\/site\/pt\/a-dimensao-social-da-arte\/festival-de-divindades-negras_lome-togo_foto-vava-botelho4\/\"><img loading=\"lazy\" decoding=\"async\" data-attachment-id=\"745\" data-orig-file=\"https:\/\/balefolcloricodabahia.com.br\/site\/wp-content\/uploads\/2018\/04\/Festival-de-Divindades-Negras_Lome-Togo_Foto-Vava-Botelho4.jpg\" data-orig-size=\"1920,1440\" data-comments-opened=\"0\" data-image-meta=\"{&quot;aperture&quot;:&quot;0&quot;,&quot;credit&quot;:&quot;&quot;,&quot;camera&quot;:&quot;&quot;,&quot;caption&quot;:&quot;&quot;,&quot;created_timestamp&quot;:&quot;0&quot;,&quot;copyright&quot;:&quot;&quot;,&quot;focal_length&quot;:&quot;0&quot;,&quot;iso&quot;:&quot;0&quot;,&quot;shutter_speed&quot;:&quot;0&quot;,&quot;title&quot;:&quot;&quot;,&quot;orientation&quot;:&quot;0&quot;,&quot;keywords&quot;:&quot;Array&quot;}\" data-image-title=\"Festival-de-Divindades-Negras_Lome-Togo_Foto-Vava-Botelho4\" data-image-description=\"\" data-medium-file=\"https:\/\/balefolcloricodabahia.com.br\/site\/wp-content\/uploads\/2018\/04\/Festival-de-Divindades-Negras_Lome-Togo_Foto-Vava-Botelho4-300x225.jpg\" data-large-file=\"https:\/\/balefolcloricodabahia.com.br\/site\/wp-content\/uploads\/2018\/04\/Festival-de-Divindades-Negras_Lome-Togo_Foto-Vava-Botelho4-1024x768.jpg\" src=\"https:\/\/balefolcloricodabahia.com.br\/site\/wp-content\/uploads\/2018\/04\/Festival-de-Divindades-Negras_Lome-Togo_Foto-Vava-Botelho4.jpg?w=792&#038;h=594\" width=\"792\" height=\"594\" align=\"left\" title=\"Festival-de-Divindades-Negras_Lome-Togo_Foto-Vava-Botelho4\" \/><\/a><\/div><\/div><\/div><div class=\"gallery-row\" style=\"width: 2595px; height: 970px;\"><div class=\"gallery-group images-1\" style=\"width: 1298px; height: 974px;\"><div class=\"tiled-gallery-item tiled-gallery-item-large\"><a href=\"https:\/\/balefolcloricodabahia.com.br\/site\/pt\/a-dimensao-social-da-arte\/festival-de-divindades-negras_lome-togo_foto-vava-botelho2\/\"><img loading=\"lazy\" decoding=\"async\" data-attachment-id=\"744\" data-orig-file=\"https:\/\/balefolcloricodabahia.com.br\/site\/wp-content\/uploads\/2018\/04\/Festival-de-Divindades-Negras_Lome-Togo_Foto-Vava-Botelho2.jpg\" data-orig-size=\"1920,1440\" data-comments-opened=\"0\" data-image-meta=\"{&quot;aperture&quot;:&quot;0&quot;,&quot;credit&quot;:&quot;&quot;,&quot;camera&quot;:&quot;&quot;,&quot;caption&quot;:&quot;&quot;,&quot;created_timestamp&quot;:&quot;0&quot;,&quot;copyright&quot;:&quot;&quot;,&quot;focal_length&quot;:&quot;0&quot;,&quot;iso&quot;:&quot;0&quot;,&quot;shutter_speed&quot;:&quot;0&quot;,&quot;title&quot;:&quot;&quot;,&quot;orientation&quot;:&quot;0&quot;,&quot;keywords&quot;:&quot;Array&quot;}\" data-image-title=\"Festival-de-Divindades-Negras_Lome-Togo_Foto-Vava-Botelho2\" data-image-description=\"\" data-medium-file=\"https:\/\/balefolcloricodabahia.com.br\/site\/wp-content\/uploads\/2018\/04\/Festival-de-Divindades-Negras_Lome-Togo_Foto-Vava-Botelho2-300x225.jpg\" data-large-file=\"https:\/\/balefolcloricodabahia.com.br\/site\/wp-content\/uploads\/2018\/04\/Festival-de-Divindades-Negras_Lome-Togo_Foto-Vava-Botelho2-1024x768.jpg\" src=\"https:\/\/balefolcloricodabahia.com.br\/site\/wp-content\/uploads\/2018\/04\/Festival-de-Divindades-Negras_Lome-Togo_Foto-Vava-Botelho2.jpg?w=1294&#038;h=970\" width=\"1294\" height=\"970\" align=\"left\" title=\"Festival-de-Divindades-Negras_Lome-Togo_Foto-Vava-Botelho2\" \/><\/a><\/div><\/div><div class=\"gallery-group images-1\" style=\"width: 1297px; height: 974px;\"><div class=\"tiled-gallery-item tiled-gallery-item-large\"><a href=\"https:\/\/balefolcloricodabahia.com.br\/site\/pt\/a-dimensao-social-da-arte\/festival-de-divindades-negras_lome-togo_foto-vava-botelho1\/\"><img loading=\"lazy\" decoding=\"async\" data-attachment-id=\"743\" data-orig-file=\"https:\/\/balefolcloricodabahia.com.br\/site\/wp-content\/uploads\/2018\/04\/Festival-de-Divindades-Negras_Lome-Togo_Foto-Vava-Botelho1.jpg\" data-orig-size=\"1920,1440\" data-comments-opened=\"0\" data-image-meta=\"{&quot;aperture&quot;:&quot;0&quot;,&quot;credit&quot;:&quot;&quot;,&quot;camera&quot;:&quot;&quot;,&quot;caption&quot;:&quot;&quot;,&quot;created_timestamp&quot;:&quot;0&quot;,&quot;copyright&quot;:&quot;&quot;,&quot;focal_length&quot;:&quot;0&quot;,&quot;iso&quot;:&quot;0&quot;,&quot;shutter_speed&quot;:&quot;0&quot;,&quot;title&quot;:&quot;&quot;,&quot;orientation&quot;:&quot;0&quot;,&quot;keywords&quot;:&quot;Array&quot;}\" data-image-title=\"Festival-de-Divindades-Negras_Lome-Togo_Foto-Vava-Botelho1\" data-image-description=\"\" data-medium-file=\"https:\/\/balefolcloricodabahia.com.br\/site\/wp-content\/uploads\/2018\/04\/Festival-de-Divindades-Negras_Lome-Togo_Foto-Vava-Botelho1-300x225.jpg\" data-large-file=\"https:\/\/balefolcloricodabahia.com.br\/site\/wp-content\/uploads\/2018\/04\/Festival-de-Divindades-Negras_Lome-Togo_Foto-Vava-Botelho1-1024x768.jpg\" src=\"https:\/\/balefolcloricodabahia.com.br\/site\/wp-content\/uploads\/2018\/04\/Festival-de-Divindades-Negras_Lome-Togo_Foto-Vava-Botelho1.jpg?w=1293&#038;h=970\" width=\"1293\" height=\"970\" align=\"left\" title=\"Festival-de-Divindades-Negras_Lome-Togo_Foto-Vava-Botelho1\" \/><\/a><\/div><\/div><\/div><\/div>\n<p>&nbsp;<\/p>\n<div class=\"subnav\"><a href=\"http:\/\/www.balefolcloricodabahia.com.br\/site\/pt\/history\/\">Back<\/a><\/div>\n","protected":false},"excerpt":{"rendered":"<p>Por Ernesto Falc\u00f3n &nbsp; O sucesso que levou a Associa\u00e7\u00e3o Mundial de Cr\u00edticos a reconhecer o Bal\u00e9 Folcl\u00f3rico da Bahia como a melhor companhia do planeta \u00e9 resultado de muita dedica\u00e7\u00e3o, disciplina, perseveran\u00e7a e determina\u00e7\u00e3o. Muito suor e exerc\u00edcio di\u00e1rio ao longo de duas d\u00e9cadas e meia de trabalho. Al\u00e9m de muito talento, \u00e9 claro. [&hellip;]<\/p>\n","protected":false},"author":1,"featured_media":738,"parent":0,"menu_order":0,"comment_status":"closed","ping_status":"closed","template":"","meta":{"footnotes":""},"class_list":["post-500","page","type-page","status-publish","has-post-thumbnail","hentry"],"_links":{"self":[{"href":"https:\/\/balefolcloricodabahia.com.br\/site\/wp-json\/wp\/v2\/pages\/500","targetHints":{"allow":["GET"]}}],"collection":[{"href":"https:\/\/balefolcloricodabahia.com.br\/site\/wp-json\/wp\/v2\/pages"}],"about":[{"href":"https:\/\/balefolcloricodabahia.com.br\/site\/wp-json\/wp\/v2\/types\/page"}],"author":[{"embeddable":true,"href":"https:\/\/balefolcloricodabahia.com.br\/site\/wp-json\/wp\/v2\/users\/1"}],"replies":[{"embeddable":true,"href":"https:\/\/balefolcloricodabahia.com.br\/site\/wp-json\/wp\/v2\/comments?post=500"}],"version-history":[{"count":7,"href":"https:\/\/balefolcloricodabahia.com.br\/site\/wp-json\/wp\/v2\/pages\/500\/revisions"}],"predecessor-version":[{"id":762,"href":"https:\/\/balefolcloricodabahia.com.br\/site\/wp-json\/wp\/v2\/pages\/500\/revisions\/762"}],"wp:featuredmedia":[{"embeddable":true,"href":"https:\/\/balefolcloricodabahia.com.br\/site\/wp-json\/wp\/v2\/media\/738"}],"wp:attachment":[{"href":"https:\/\/balefolcloricodabahia.com.br\/site\/wp-json\/wp\/v2\/media?parent=500"}],"curies":[{"name":"wp","href":"https:\/\/api.w.org\/{rel}","templated":true}]}}